{"id":263,"date":"2022-04-12T10:12:47","date_gmt":"2022-04-12T10:12:47","guid":{"rendered":"https:\/\/cingoliqr.tourqr.it\/index.php\/percorsi\/"},"modified":"2022-05-06T09:52:40","modified_gmt":"2022-05-06T09:52:40","slug":"percorsi","status":"publish","type":"page","link":"https:\/\/cingoliqr.tourqr.it\/index.php\/percorsi\/","title":{"rendered":"Percorsi"},"content":{"rendered":"\n    \n    <section class=\"u-clearfix u-color-scheme-u11 u-color-style-multicolor-1 u-custom-color-7 u-section-2\" id=\"sec-8ee4\">\n      <div class=\"u-clearfix u-sheet u-sheet-1\">\n        <h2 class=\"u-text u-text-1\">CINGOLI<\/h2>\n        <h1 class=\"u-text u-text-2\">PERCORSI<\/h1>\n        <div class=\"u-social-icons u-spacing-10 u-social-icons-1\">\n          <a class=\"u-social-url\" title=\"facebook\" target=\"_blank\" href=\"\"><span class=\"u-file-icon u-icon u-social-facebook u-social-icon u-icon-1\"><img decoding=\"async\" src=\"https:\/\/cingoliqr.tourqr.it\/wp-content\/uploads\/2022\/04\/197626.png\" alt=\"\"><\/span>\n          <\/a>\n          <a class=\"u-social-url\" title=\"twitter\" target=\"_blank\" href=\"\"><span class=\"u-file-icon u-icon u-social-icon u-social-twitter u-icon-2\"><img decoding=\"async\" src=\"https:\/\/cingoliqr.tourqr.it\/wp-content\/uploads\/2022\/04\/197374.png\" alt=\"\"><\/span>\n          <\/a>\n        <\/div>\n      <\/div>\n    <\/section>\n    <section class=\"u-align-left u-clearfix u-custom-color-3 u-typography-Normal--Introduction u-section-3\" src=\"\" id=\"carousel_5b72\">\n      <img decoding=\"async\" class=\"u-expanded-width u-image u-image-1\" src=\"https:\/\/cingoliqr.tourqr.it\/wp-content\/uploads\/2022\/04\/558630183-0.jpeg\" data-image-width=\"150\" data-image-height=\"100\">\n      <h5 class=\"u-custom-font u-font-open-sans u-text u-text-body-alt-color u-text-1\">COMUNE DI CINGOLI<\/h5>\n      <h1 class=\"u-custom-font u-font-oswald u-text u-text-body-alt-color u-text-2\">ALLA SCOPERTA DEL NOSTRO TERRITORIO<\/h1>\n      <div class=\"u-expanded-width u-list u-list-1\">\n        <div class=\"u-repeater u-repeater-1\">\n          <div class=\"u-align-center u-border-1 u-border-grey-15 u-container-style u-list-item u-repeater-item u-white u-list-item-1\">\n            <div class=\"u-container-layout u-similar-container u-valign-top u-container-layout-1\"><span class=\"u-align-center u-custom-color-8 u-custom-item u-file-icon u-icon u-icon-circle u-spacing-19 u-icon-1\"><img decoding=\"async\" src=\"https:\/\/cingoliqr.tourqr.it\/wp-content\/uploads\/2022\/04\/7.png\" alt=\"\"><\/span>\n              <h3 class=\"u-custom-font u-font-roboto u-text u-text-3\">Pantanaccio <br>\n                <br>\n              <\/h3>\n              <p class=\"u-text u-text-grey-50 u-text-4\"> Percorso facile ad anello, adatto a tutti, che si sviluppa in prevalenza in\npiano su uno sterrato compatto\u200b all\u2019interno della Macchia delle Tassinete fino al Panta-\nnaccio. Da qui si ritorna al Foro dalla strada imbrecciata principale con una splendida\nvista del Monte San Vicino.&nbsp;<\/p>\n              <div class=\"u-expanded-width u-table u-table-responsive u-table-1\">\n                <table class=\"u-table-entity\">\n                  <colgroup>\n                    <col width=\"33.3%\">\n                    <col width=\"33.3%\">\n                    <col width=\"33.4%\">\n                  <\/colgroup>\n                  <tbody class=\"u-table-body u-table-valign-top u-text-white\">\n                    <tr style=\"height: 72px;\">\n                      <td class=\"u-border-white u-table-cell u-table-cell-1\"><span class=\"u-file-icon u-icon u-icon-2\"><img decoding=\"async\" src=\"https:\/\/cingoliqr.tourqr.it\/wp-content\/uploads\/2022\/04\/nordic.png\" alt=\"\"><\/span>&nbsp; \n                      <\/td>\n                      <td class=\"u-border-white u-table-cell u-table-cell-2\"><span class=\"u-file-icon u-icon u-icon-3\"><img decoding=\"async\" src=\"https:\/\/cingoliqr.tourqr.it\/wp-content\/uploads\/2022\/04\/camminare.png\" alt=\"\"><\/span>\n                      <\/td>\n                      <td class=\"u-border-white u-table-cell u-table-cell-3\"><span class=\"u-file-icon u-icon u-icon-4\"><img decoding=\"async\" src=\"https:\/\/cingoliqr.tourqr.it\/wp-content\/uploads\/2022\/04\/bike.png\" alt=\"\"><\/span>\n                      <\/td>\n                    <\/tr>\n                  <\/tbody>\n                <\/table>\n              <\/div>\n              <a href=\"https:\/\/cingoliqr.tourqr.it\/index.php\/pantanaccio\/\" class=\"u-border-2 u-border-custom-color-5 u-btn u-btn-round u-button-style u-hover-custom-color-7 u-none u-radius-6 u-text-body-color u-text-hover-white u-btn-1\">Dettagli<\/a>\n            <\/div>\n          <\/div>\n          <div class=\"u-align-center u-border-1 u-border-grey-15 u-container-style u-list-item u-repeater-item u-video-cover u-white u-list-item-2\">\n            <div class=\"u-container-layout u-similar-container u-valign-top u-container-layout-2\"><span class=\"u-align-center u-custom-item u-file-icon u-icon u-icon-circle u-palette-3-base u-spacing-19 u-icon-5\"><img decoding=\"async\" src=\"https:\/\/cingoliqr.tourqr.it\/wp-content\/uploads\/2022\/04\/8.png\" alt=\"\"><\/span>\n              <h3 class=\"u-custom-font u-font-roboto u-text u-text-5\">Cima delle Marche<\/h3>\n              <p class=\"u-text u-text-grey-50 u-text-6\"> Percorso ad anello di media difficolta\u0300. Si segue il percorso 1 fino al Pantanaccio, si sale fino alla panoramica Cima delle Piane a quota 780 m.s.l.m. che offre una\nvista suggestiva di Cingoli, del Monte Conero e della costa adriatica. Dalla strada imbrecciata principale ...<\/p>\n              <div class=\"u-expanded-width u-table u-table-responsive u-table-2\">\n                <table class=\"u-table-entity\">\n                  <colgroup>\n                    <col width=\"33.3%\">\n                    <col width=\"33.3%\">\n                    <col width=\"33.4%\">\n                  <\/colgroup>\n                  <tbody class=\"u-table-body u-table-valign-top u-text-white\">\n                    <tr style=\"height: 48px;\">\n                      <td class=\"u-border-white u-table-cell\"><span class=\"u-file-icon u-icon u-icon-6\"><img decoding=\"async\" src=\"https:\/\/cingoliqr.tourqr.it\/wp-content\/uploads\/2022\/04\/nordic.png\" alt=\"\"><\/span>\n                      <\/td>\n                      <td class=\"u-border-white u-table-cell\"><span class=\"u-file-icon u-icon u-icon-7\"><img decoding=\"async\" src=\"https:\/\/cingoliqr.tourqr.it\/wp-content\/uploads\/2022\/04\/bike.png\" alt=\"\"><\/span>\n                      <\/td>\n                      <td class=\"u-border-white u-table-cell\"><span class=\"u-file-icon u-icon u-icon-8\"><img decoding=\"async\" src=\"https:\/\/cingoliqr.tourqr.it\/wp-content\/uploads\/2022\/04\/camminare.png\" alt=\"\"><\/span>\n                      <\/td>\n                    <\/tr>\n                  <\/tbody>\n                <\/table>\n              <\/div>\n              <a href=\"https:\/\/cingoliqr.tourqr.it\/index.php\/cima-delle-marche\/\" class=\"u-border-2 u-border-custom-color-5 u-btn u-btn-round u-button-style u-hover-custom-color-7 u-none u-radius-6 u-text-body-color u-text-hover-white u-btn-2\">Dettagli<\/a>\n            <\/div>\n          <\/div>\n          <div class=\"u-align-center u-border-1 u-border-grey-15 u-container-style u-list-item u-repeater-item u-video-cover u-white u-list-item-3\">\n            <div class=\"u-container-layout u-similar-container u-valign-top u-container-layout-3\"><span class=\"u-align-center u-custom-color-9 u-custom-item u-file-icon u-icon u-icon-circle u-spacing-19 u-text-white u-icon-9\"><img decoding=\"async\" src=\"https:\/\/cingoliqr.tourqr.it\/wp-content\/uploads\/2022\/04\/9.png\" alt=\"\"><\/span>\n              <h3 class=\"u-custom-font u-font-roboto u-text u-text-7\">Cristo delle Marche<\/h3>\n              <p class=\"u-text u-text-grey-50 u-text-8\"> Percorso ad anello di media difficolta\u0300. Si segue il percorso 2 fino alla Cima\ndelle Piane; si scende all\u2019Equiturist e si arriva, mediante una strada imbrecciata, al Cristo\ndelle Marche; da qui si puo\u0300 godere di una vista spettacolare delle colline marchigiane...<\/p>\n              <div class=\"u-expanded-width u-table u-table-responsive u-table-3\">\n                <table class=\"u-table-entity\">\n                  <colgroup>\n                    <col width=\"33.3%\">\n                    <col width=\"33.3%\">\n                    <col width=\"33.4%\">\n                  <\/colgroup>\n                  <tbody class=\"u-table-body u-table-valign-top u-text-white\">\n                    <tr style=\"height: 50px;\">\n                      <td class=\"u-border-1 u-border-white u-table-cell\"><span class=\"u-file-icon u-icon u-icon-10\"><img decoding=\"async\" src=\"https:\/\/cingoliqr.tourqr.it\/wp-content\/uploads\/2022\/04\/nordic.png\" alt=\"\"><\/span>\n                      <\/td>\n                      <td class=\"u-border-1 u-border-white u-table-cell\"><span class=\"u-file-icon u-icon u-icon-11\"><img decoding=\"async\" src=\"https:\/\/cingoliqr.tourqr.it\/wp-content\/uploads\/2022\/04\/bike.png\" alt=\"\"><\/span>\n                      <\/td>\n                      <td class=\"u-border-1 u-border-white u-table-cell\"><span class=\"u-file-icon u-icon u-icon-12\"><img decoding=\"async\" src=\"https:\/\/cingoliqr.tourqr.it\/wp-content\/uploads\/2022\/04\/camminare.png\" alt=\"\"><\/span>\n                      <\/td>\n                    <\/tr>\n                  <\/tbody>\n                <\/table>\n              <\/div>\n              <a href=\"https:\/\/cingoliqr.tourqr.it\/index.php\/cristo-delle-marche\/\" class=\"u-border-2 u-border-custom-color-5 u-btn u-btn-round u-button-style u-hover-custom-color-7 u-none u-radius-6 u-text-body-color u-text-hover-white u-btn-3\">Dettagli<\/a>\n            <\/div>\n          <\/div>\n          <div class=\"u-align-center u-border-1 u-border-grey-15 u-container-style u-list-item u-repeater-item u-video-cover u-white u-list-item-4\">\n            <div class=\"u-container-layout u-similar-container u-valign-top u-container-layout-4\"><span class=\"u-align-center u-custom-color-7 u-custom-item u-file-icon u-icon u-icon-circle u-spacing-19 u-text-white u-icon-13\"><img decoding=\"async\" src=\"https:\/\/cingoliqr.tourqr.it\/wp-content\/uploads\/2022\/04\/10.png\" alt=\"\"><\/span>\n              <h3 class=\"u-custom-font u-font-roboto u-text u-text-9\">Tassinette - Anello Esterno<\/h3>\n              <p class=\"u-text u-text-grey-50 u-text-10\"> Percorso ad anello di media difficolta\u0300. Si segue il percorso 1 fino al Panta-\nnaccio, si scende verso l\u2019abitato della frazione di Avenale fino alla strada imbrecciata prin-\ncipale, si arriva all\u2019Equiturist e al Cristo delle Marche. Si ritorna all\u2019Equiturist, si imbocca la\nstrada ....&nbsp;<\/p>\n              <div class=\"u-expanded-width u-table u-table-responsive u-table-4\">\n                <table class=\"u-table-entity\">\n                  <colgroup>\n                    <col width=\"33.3%\">\n                    <col width=\"33.3%\">\n                    <col width=\"33.4%\">\n                  <\/colgroup>\n                  <tbody class=\"u-table-body u-table-valign-top u-text-white\">\n                    <tr style=\"height: 33px;\">\n                      <td class=\"u-border-1 u-border-white u-table-cell\"><span class=\"u-file-icon u-icon u-icon-14\"><img decoding=\"async\" src=\"https:\/\/cingoliqr.tourqr.it\/wp-content\/uploads\/2022\/04\/nordic.png\" alt=\"\"><\/span>\n                      <\/td>\n                      <td class=\"u-border-1 u-border-white u-table-cell\"><span class=\"u-file-icon u-icon u-icon-15\"><img decoding=\"async\" src=\"https:\/\/cingoliqr.tourqr.it\/wp-content\/uploads\/2022\/04\/bike.png\" alt=\"\"><\/span>\n                      <\/td>\n                      <td class=\"u-border-1 u-border-white u-table-cell\"><span class=\"u-file-icon u-icon u-icon-16\"><img decoding=\"async\" src=\"https:\/\/cingoliqr.tourqr.it\/wp-content\/uploads\/2022\/04\/camminare.png\" alt=\"\"><\/span>\n                      <\/td>\n                    <\/tr>\n                  <\/tbody>\n                <\/table>\n              <\/div>\n              <a href=\"https:\/\/cingoliqr.tourqr.it\/index.php\/tassinete-anello-esterno\/\" class=\"u-border-2 u-border-custom-color-5 u-btn u-btn-round u-button-style u-hover-custom-color-7 u-none u-radius-6 u-text-body-color u-text-hover-white u-btn-4\">Dettagli<\/a>\n            <\/div>\n          <\/div>\n          <div class=\"u-align-center u-border-1 u-border-grey-15 u-container-style u-list-item u-repeater-item u-video-cover u-white u-list-item-5\">\n            <div class=\"u-container-layout u-similar-container u-valign-top u-container-layout-5\"><span class=\"u-align-center u-custom-item u-file-icon u-icon u-icon-circle u-palette-1-base u-spacing-19 u-text-white u-icon-17\"><img decoding=\"async\" src=\"https:\/\/cingoliqr.tourqr.it\/wp-content\/uploads\/2022\/04\/11.png\" alt=\"\"><\/span>\n              <h3 class=\"u-custom-font u-font-roboto u-text u-text-11\">Scalette Vareno<br>\n                <br>\n              <\/h3>\n              <p class=\"u-text u-text-grey-50 u-text-12\"> Percorso ad anello di media difficolta\u0300. Mediante una strada bianca scon-\nnessa in discesa, all\u2019interno della macchia delle Tassinete, si arriva alla frazione di Capo\ndi Rio. Si percorre un breve tratto di strada asfaltata dentro al borgo e si risale verso il\npunto di partenza...<\/p>\n              <div class=\"u-expanded-width u-table u-table-responsive u-table-5\">\n                <table class=\"u-table-entity\">\n                  <colgroup>\n                    <col width=\"33.3%\">\n                    <col width=\"33.3%\">\n                    <col width=\"33.4%\">\n                  <\/colgroup>\n                  <tbody class=\"u-table-body u-table-valign-top u-text-white\">\n                    <tr style=\"height: 46px;\">\n                      <td class=\"u-border-1 u-border-white u-table-cell\"><span class=\"u-file-icon u-icon u-icon-18\"><img decoding=\"async\" src=\"https:\/\/cingoliqr.tourqr.it\/wp-content\/uploads\/2022\/04\/nordic.png\" alt=\"\"><\/span>\n                      <\/td>\n                      <td class=\"u-border-1 u-border-white u-table-cell\"><span class=\"u-file-icon u-icon u-icon-19\"><img decoding=\"async\" src=\"https:\/\/cingoliqr.tourqr.it\/wp-content\/uploads\/2022\/04\/bike.png\" alt=\"\"><\/span>\n                      <\/td>\n                      <td class=\"u-border-1 u-border-white u-table-cell\"><span class=\"u-file-icon u-icon u-icon-20\"><img decoding=\"async\" src=\"https:\/\/cingoliqr.tourqr.it\/wp-content\/uploads\/2022\/04\/camminare.png\" alt=\"\"><\/span>\n                      <\/td>\n                    <\/tr>\n                  <\/tbody>\n                <\/table>\n              <\/div>\n              <a href=\"https:\/\/cingoliqr.tourqr.it\/index.php\/scalette-vareno\/\" class=\"u-border-2 u-border-custom-color-5 u-btn u-btn-round u-button-style u-hover-custom-color-7 u-none u-radius-6 u-text-body-color u-text-hover-white u-btn-5\">Dettagli<\/a>\n            <\/div>\n          <\/div>\n          <div class=\"u-align-center u-border-1 u-border-grey-15 u-container-style u-list-item u-repeater-item u-video-cover u-white u-list-item-6\">\n            <div class=\"u-container-layout u-similar-container u-valign-top u-container-layout-6\"><span class=\"u-align-center u-custom-item u-file-icon u-icon u-icon-circle u-spacing-19 u-icon-21\"><img decoding=\"async\" src=\"https:\/\/cingoliqr.tourqr.it\/wp-content\/uploads\/2022\/04\/cropped-9-Fossi-Logo.png\" alt=\"\"><\/span>\n              <h3 class=\"u-custom-font u-font-roboto u-text u-text-13\">9 Fossi Classic<br>\n                <br>\n              <\/h3>\n              <p class=\"u-text u-text-grey-50 u-text-14\"> Il percorsonsi sviluppa sui rilievi della&nbsp;Dorsale di&nbsp;Cingoli, la piccola catena montuosa che sovrasta il paese, correndo nel bosco e tra la fitta macchia. Raggiunge numerosi punti panoramici dove \u00e8 possibile ammirare da varie posizioni sia il Mare Adriatico che tutta la catena appenninica fino al Gran Sasso.<\/p>\n              <div class=\"u-expanded-width u-table u-table-responsive u-table-6\">\n                <table class=\"u-table-entity\">\n                  <colgroup>\n                    <col width=\"33.3%\">\n                    <col width=\"33.3%\">\n                    <col width=\"33.4%\">\n                  <\/colgroup>\n                  <tbody class=\"u-table-body u-table-valign-top u-text-white\">\n                    <tr style=\"height: 46px;\">\n                      <td class=\"u-border-white u-table-cell\"><\/td>\n                      <td class=\"u-border-white u-table-cell\"><span class=\"u-file-icon u-icon u-icon-22\"><img decoding=\"async\" src=\"https:\/\/cingoliqr.tourqr.it\/wp-content\/uploads\/2022\/04\/bike.png\" alt=\"\"><\/span>\n                      <\/td>\n                      <td class=\"u-border-white u-table-cell\"><\/td>\n                    <\/tr>\n                  <\/tbody>\n                <\/table>\n              <\/div>\n              <a href=\"https:\/\/cingoliqr.tourqr.it\/index.php\/9-fossi-classic\/\" class=\"u-border-2 u-border-custom-color-5 u-btn u-btn-round u-button-style u-hover-custom-color-7 u-none u-radius-6 u-text-body-color u-text-hover-white u-btn-6\">Dettagli<\/a>\n            <\/div>\n          <\/div>\n          <div class=\"u-align-center u-border-1 u-border-grey-15 u-container-style u-list-item u-repeater-item u-video-cover u-white u-list-item-7\">\n            <div class=\"u-container-layout u-similar-container u-valign-top u-container-layout-7\"><span class=\"u-align-center u-custom-item u-file-icon u-icon u-icon-circle u-spacing-19 u-icon-23\"><img decoding=\"async\" src=\"https:\/\/cingoliqr.tourqr.it\/wp-content\/uploads\/2022\/04\/cropped-9-Fossi-Logo.png\" alt=\"\"><\/span>\n              <h3 class=\"u-custom-font u-font-roboto u-text u-text-15\">9 Fossi Short<br>\n                <br>\n              <\/h3>\n              <p class=\"u-text u-text-grey-50 u-text-16\"> Il percorso&nbsp;si sviluppa sui rilievi della&nbsp;Dorsale di Cingoli, la piccola catena montuosa che sovrasta il paese, correndo nel bosco e tra la fitta macchia. Raggiunge numerosi punti panoramici rispetto alla classic \u00e8 pi\u00f9 corta di circa la met\u00e0.<\/p>\n              <div class=\"u-expanded-width u-table u-table-responsive u-table-7\">\n                <table class=\"u-table-entity\">\n                  <colgroup>\n                    <col width=\"33.3%\">\n                    <col width=\"33.3%\">\n                    <col width=\"33.4%\">\n                  <\/colgroup>\n                  <tbody class=\"u-table-body u-table-valign-top u-text-white\">\n                    <tr style=\"height: 46px;\">\n                      <td class=\"u-table-cell\"><\/td>\n                      <td class=\"u-table-cell\"><span class=\"u-file-icon u-icon u-icon-24\"><img decoding=\"async\" src=\"https:\/\/cingoliqr.tourqr.it\/wp-content\/uploads\/2022\/04\/bike.png\" alt=\"\"><\/span>\n                      <\/td>\n                      <td class=\"u-table-cell\"><\/td>\n                    <\/tr>\n                  <\/tbody>\n                <\/table>\n              <\/div>\n              <a href=\"https:\/\/cingoliqr.tourqr.it\/index.php\/9-fossi-short\/\" class=\"u-border-2 u-border-custom-color-5 u-btn u-btn-round u-button-style u-hover-custom-color-7 u-none u-radius-6 u-text-body-color u-text-hover-white u-btn-7\">Dettagli<\/a>\n            <\/div>\n          <\/div>\n          <div class=\"u-align-center u-border-1 u-border-grey-15 u-container-style u-list-item u-repeater-item u-video-cover u-white u-list-item-8\">\n            <div class=\"u-container-layout u-similar-container u-valign-top u-container-layout-8\"><span class=\"u-align-center u-custom-item u-file-icon u-icon u-icon-circle u-palette-2-dark-2 u-spacing-19 u-text-white u-icon-25\"><img decoding=\"async\" src=\"https:\/\/cingoliqr.tourqr.it\/wp-content\/uploads\/2022\/04\/12.png\" alt=\"\"><\/span>\n              <h3 class=\"u-custom-font u-font-roboto u-text u-text-17\">A piedi nel centro storico<\/h3>\n              <p class=\"u-text u-text-grey-50 u-text-18\"> Passeggiata all'interno del centro storico cingolano alla scoperta del patrimonio artistico e culturale.&nbsp;<\/p>\n              <div class=\"u-expanded-width u-table u-table-responsive u-table-8\">\n                <table class=\"u-table-entity\">\n                  <colgroup>\n                    <col width=\"33.3%\">\n                    <col width=\"33.3%\">\n                    <col width=\"33.4%\">\n                  <\/colgroup>\n                  <tbody class=\"u-table-body u-table-valign-top u-text-white\">\n                    <tr style=\"height: 46px;\">\n                      <td class=\"u-table-cell\"><\/td>\n                      <td class=\"u-table-cell\"><span class=\"u-file-icon u-icon u-icon-26\"><img decoding=\"async\" src=\"https:\/\/cingoliqr.tourqr.it\/wp-content\/uploads\/2022\/04\/camminare.png\" alt=\"\"><\/span>\n                      <\/td>\n                      <td class=\"u-table-cell\"><\/td>\n                    <\/tr>\n                  <\/tbody>\n                <\/table>\n              <\/div>\n              <a href=\"https:\/\/cingoliqr.tourqr.it\/index.php\/a-piedi-nel-centro-storico\/\" class=\"u-border-2 u-border-custom-color-5 u-btn u-btn-round u-button-style u-hover-custom-color-7 u-none u-radius-6 u-text-body-color u-text-hover-white u-btn-8\">Dettagli<\/a>\n            <\/div>\n          <\/div>\n          <div class=\"u-align-center u-border-1 u-border-grey-15 u-container-style u-list-item u-repeater-item u-video-cover u-white u-list-item-9\">\n            <div class=\"u-container-layout u-similar-container u-valign-top u-container-layout-9\"><span class=\"u-align-center u-custom-item u-file-icon u-icon u-icon-circle u-palette-2-dark-2 u-spacing-19 u-text-white u-icon-27\"><img decoding=\"async\" src=\"https:\/\/cingoliqr.tourqr.it\/wp-content\/uploads\/2022\/04\/13.png\" alt=\"\"><\/span>\n              <h3 class=\"u-custom-font u-font-roboto u-text u-text-19\">Cingoli Panoramica<\/h3>\n              <p class=\"u-text u-text-grey-50 u-text-20\">Questo percorso tocca tutti i punti panoramici del nostro piccolo borgo, dal Balcone delle Marche verso il mare alla panoramica di Tassinette verso i monti.&nbsp;<\/p>\n              <div class=\"u-expanded-width u-table u-table-responsive u-table-9\">\n                <table class=\"u-table-entity\">\n                  <colgroup>\n                    <col width=\"33.3%\">\n                    <col width=\"33.3%\">\n                    <col width=\"33.4%\">\n                  <\/colgroup>\n                  <tbody class=\"u-table-body u-table-valign-top u-text-white\">\n                    <tr style=\"height: 46px;\">\n                      <td class=\"u-table-cell\"><\/td>\n                      <td class=\"u-table-cell\"><span class=\"u-file-icon u-icon u-icon-28\"><img decoding=\"async\" src=\"https:\/\/cingoliqr.tourqr.it\/wp-content\/uploads\/2022\/04\/camminare.png\" alt=\"\"><\/span>\n                      <\/td>\n                      <td class=\"u-table-cell\"><\/td>\n                    <\/tr>\n                  <\/tbody>\n                <\/table>\n              <\/div>\n              <a href=\"https:\/\/cingoliqr.tourqr.it\/index.php\/cingoli-panoramica\/\" class=\"u-border-2 u-border-custom-color-5 u-btn u-btn-round u-button-style u-hover-custom-color-7 u-none u-radius-6 u-text-body-color u-text-hover-white u-btn-9\">Dettagli<\/a>\n            <\/div>\n          <\/div>\n          <div class=\"u-align-center u-border-1 u-border-grey-15 u-container-style u-list-item u-repeater-item u-video-cover u-white u-list-item-10\">\n            <div class=\"u-container-layout u-similar-container u-valign-top u-container-layout-10\"><span class=\"u-align-center u-border-2 u-border-custom-color-1 u-custom-item u-file-icon u-icon u-icon-circle u-spacing-19 u-text-custom-color-5 u-icon-29\"><img decoding=\"async\" src=\"https:\/\/cingoliqr.tourqr.it\/wp-content\/uploads\/2022\/04\/14.png\" alt=\"\"><\/span>\n              <h3 class=\"u-custom-font u-font-roboto u-text u-text-21\">Itinerario M. Scarponi<\/h3>\n              <p class=\"u-text u-text-grey-50 u-text-22\"> Percorso intercomunale a pi\u00f9 tappe, per scoprire il territorio del GAL \"Colli e Esini e San Vicino\" e assaporare i prodotti tipici locali.<br>ITINERARIO IN FASE DI PROGETTO&nbsp;\n              <\/p>\n              <div class=\"u-expanded-width u-table u-table-responsive u-table-10\">\n                <table class=\"u-table-entity\">\n                  <colgroup>\n                    <col width=\"33.3%\">\n                    <col width=\"33.3%\">\n                    <col width=\"33.4%\">\n                  <\/colgroup>\n                  <tbody class=\"u-table-body u-table-valign-top u-text-white\">\n                    <tr style=\"height: 46px;\">\n                      <td class=\"u-border-1 u-border-white u-table-cell\"><\/td>\n                      <td class=\"u-border-1 u-border-white u-table-cell\"><span class=\"u-file-icon u-icon u-icon-30\"><img decoding=\"async\" src=\"https:\/\/cingoliqr.tourqr.it\/wp-content\/uploads\/2022\/04\/bike.png\" alt=\"\"><\/span>\n                      <\/td>\n                      <td class=\"u-border-1 u-border-white u-table-cell\"><\/td>\n                    <\/tr>\n                  <\/tbody>\n                <\/table>\n              <\/div>\n              <a href=\"https:\/\/esibike.it\/index.php\/scarponi\/\" class=\"u-border-2 u-border-custom-color-5 u-btn u-btn-round u-button-style u-hover-custom-color-7 u-none u-radius-6 u-text-body-color u-text-hover-white u-btn-10\" target=\"_blank\">Dettagli<\/a>\n            <\/div>\n          <\/div>\n        <\/div>\n      <\/div>\n    <\/section>\n    \n    \n    \n  \n","protected":false},"excerpt":{"rendered":"<p>CINGOLI PERCORSI COMUNE DI CINGOLI ALLA SCOPERTA DEL NOSTRO TERRITORIO Pantanaccio Percorso facile ad anello, adatto a tutti, che si sviluppa in prevalenza in piano su uno sterrato compatto\u200b all\u2019interno della Macchia delle Tassinete fino al Panta- naccio. Da qui si ritorna al Foro dalla strada imbrecciata principale con una splendida vista del Monte San &hellip; <a href=\"https:\/\/cingoliqr.tourqr.it\/index.php\/percorsi\/\" class=\"more-link\">Continue reading<span class=\"screen-reader-text\"> &#8220;Percorsi&#8221;<\/span><\/a><\/p>\n","protected":false},"author":1,"featured_media":0,"parent":0,"menu_order":7,"comment_status":"closed","ping_status":"closed","template":"","meta":{"footnotes":""},"class_list":["post-263","page","type-page","status-publish","hentry"],"_links":{"self":[{"href":"https:\/\/cingoliqr.tourqr.it\/index.php\/wp-json\/wp\/v2\/pages\/263","targetHints":{"allow":["GET"]}}],"collection":[{"href":"https:\/\/cingoliqr.tourqr.it\/index.php\/wp-json\/wp\/v2\/pages"}],"about":[{"href":"https:\/\/cingoliqr.tourqr.it\/index.php\/wp-json\/wp\/v2\/types\/page"}],"author":[{"embeddable":true,"href":"https:\/\/cingoliqr.tourqr.it\/index.php\/wp-json\/wp\/v2\/users\/1"}],"replies":[{"embeddable":true,"href":"https:\/\/cingoliqr.tourqr.it\/index.php\/wp-json\/wp\/v2\/comments?post=263"}],"version-history":[{"count":4,"href":"https:\/\/cingoliqr.tourqr.it\/index.php\/wp-json\/wp\/v2\/pages\/263\/revisions"}],"predecessor-version":[{"id":308,"href":"https:\/\/cingoliqr.tourqr.it\/index.php\/wp-json\/wp\/v2\/pages\/263\/revisions\/308"}],"wp:attachment":[{"href":"https:\/\/cingoliqr.tourqr.it\/index.php\/wp-json\/wp\/v2\/media?parent=263"}],"curies":[{"name":"wp","href":"https:\/\/api.w.org\/{rel}","templated":true}]}}